{"id":1821,"date":"2018-07-03T10:52:16","date_gmt":"2018-07-03T08:52:16","guid":{"rendered":"http:\/\/familyhousepl.home.pl\/wartapoznan\/?page_id=1821"},"modified":"2022-03-29T12:09:41","modified_gmt":"2022-03-29T10:09:41","slug":"dolacz-do-nas","status":"publish","type":"page","link":"https:\/\/wartapoznan.pl\/index.php\/dolacz-do-nas\/","title":{"rendered":"Do\u0142\u0105cz do nas"},"content":{"rendered":"<p>[vc_row css=&#8221;.vc_custom_1529321831178{margin-top: 20px !important;margin-bottom: 60px !important;}&#8221;][vc_column][alc_box title=&#8221;Zagraj w Warcie Pozna\u0144&#8221;][vc_row_inner][vc_column_inner][vc_column_text]<img loading=\"lazy\" decoding=\"async\" width=\"1000\" height=\"665\" class=\"aligncenter size-full wp-image-4437\" src=\"https:\/\/wartapoznan.pl\/wp-content\/uploads\/2019\/04\/wigry-0396.jpg\" alt=\"Warta Pozna\u0144 - akademia, szkolenie dzieci i m\u0142odzie\u017cy\" srcset=\"https:\/\/wartapoznan.pl\/wp-content\/uploads\/2019\/04\/wigry-0396.jpg 1000w, https:\/\/wartapoznan.pl\/wp-content\/uploads\/2019\/04\/wigry-0396-300x200.jpg 300w, https:\/\/wartapoznan.pl\/wp-content\/uploads\/2019\/04\/wigry-0396-768x511.jpg 768w, https:\/\/wartapoznan.pl\/wp-content\/uploads\/2019\/04\/wigry-0396-128x85.jpg 128w, https:\/\/wartapoznan.pl\/wp-content\/uploads\/2019\/04\/wigry-0396-32x21.jpg 32w, https:\/\/wartapoznan.pl\/wp-content\/uploads\/2019\/04\/wigry-0396-356x237.jpg 356w, https:\/\/wartapoznan.pl\/wp-content\/uploads\/2019\/04\/wigry-0396-470x313.jpg 470w, https:\/\/wartapoznan.pl\/wp-content\/uploads\/2019\/04\/wigry-0396-70x47.jpg 70w, https:\/\/wartapoznan.pl\/wp-content\/uploads\/2019\/04\/wigry-0396-100x67.jpg 100w, https:\/\/wartapoznan.pl\/wp-content\/uploads\/2019\/04\/wigry-0396-600x399.jpg 600w\" sizes=\"(max-width: 1000px) 100vw, 1000px\" \/><\/p>\n<p><strong>Drogi Rodzicu!<\/strong><\/p>\n<p>Twoje dziecko marzy o pi\u0142karskiej przygodzie? Gra w pi\u0142k\u0119 no\u017cn\u0105 sprawia mu rado\u015b\u0107 i satysfakcj\u0119? A mo\u017ce interesuje si\u0119 najwi\u0119kszymi gwiazdami pi\u0142karskimi na \u015bwiecie, na\u015bladuj\u0105c ich triki, nietuzinkowe zagrania i sztuczki techniczne? Mo\u017cemy wsp\u00f3lnie zrealizowa\u0107 jego marzenia!<\/p>\n<p>W Akademii Warty Pozna\u0144 marzenia zmieniaj\u0105 si\u0119 w rzeczywisto\u015b\u0107. Tutaj rozpoczyna si\u0119 prawdziwa pi\u0142karska przygoda, kt\u00f3ra mo\u017ce doprowadzi\u0107 do mistrzostwa sportowego. Naszym celem nadrz\u0119dnym jest wychowanie przez sport oraz realizacja wieloletniego programu szkoleniowego. Kszta\u0142cimy zawodnik\u00f3w o wysokich umiej\u0119tno\u015bciach technicznych i niesamowitych walorach mentalnych. Naszych wychowank\u00f3w cechuje ambicja, determinacja i d\u0105\u017cenie do celu, ale te\u017c post\u0119powanie zgodne z zasadami fair play i szacunkiem dla przeciwnika.<\/p>\n<p><strong>Rodzicu,<\/strong> <strong>nie zastanawiaj si\u0119 d\u0142ugo<\/strong> \u2013 ju\u017c teraz daj swojemu dziecku szans\u0119 prze\u017cycia pi\u0119knej pi\u0142karskiej przygody.<\/p>\n<p><strong>Postaw na Wart\u0119 Pozna\u0144!<\/strong><\/p>\n<p>Dyrektorem Akademii Warty Pozna\u0144 jest Wojciech Tomaszewski. Z dyrektorem mo\u017cna si\u0119 skontaktowa\u0107 mailowo: <a href=\"mailto:w.tomaszewski@wartapoznan.pl\" target=\"_blank\" rel=\"noopener noreferrer\">w.tomaszewski@wartapoznan.pl<\/a>.<\/p>\n<p>Mened\u017cerem Akademii Warty Pozna\u0144 jest Damian K\u0119cel; e-mail: <a href=\"mailto:d.kecel@wartapoznan.pl\" target=\"_blank\" rel=\"noopener noreferrer\">d.kecel@wartapoznan.pl<\/a><\/p>\n<p>Specjalist\u0105 ds. Komunikacji Akademii Warty Pozna\u0144 jest Dominik Pi\u0105stka; e-mail: <a href=\"mailto:d.piastka@wartapoznan.pl\" target=\"_blank\" rel=\"noopener noreferrer\">d.piastka@wartapoznan.pl<\/a><\/p>\n<h5>Kadry szkoleniowe \u2013 Akademia Warta Pozna\u0144 na sezon 2021\/2022<\/h5>\n<h6>Zesp\u00f3\u0142 A1 &#8211; rocznik 2003\/2004<\/h6>\n<p>I Trener: Przemys\u0142aw Bereszy\u0144ski \u2013 tel: 602 243 657; e-mail: <a href=\"mailto:p.bereszynski@wartapoznan.pl\" target=\"_blank\" rel=\"noopener noreferrer\">p.bereszynski@wartapoznan.pl<\/a><br \/>\nII Trener: Marcin Winiecki \u2013 tel: 693 220 460; e-mail: <a href=\"mailto:m.winiecki@wartapoznan.pl\" target=\"_blank\" rel=\"noopener noreferrer\">m.winiecki@wartapoznan.pl<\/a><\/p>\n<h6>Zesp\u00f3\u0142 B1 \u2013 rocznik 2005\/2006<\/h6>\n<p>I Trener: Kamil Szulc \u2013 tel: 517 742 103; e-mail: <a href=\"mailto:k.szulc@wartapoznan.pl\" target=\"_blank\" rel=\"noopener noreferrer\">k.szulc@wartapoznan.pl<\/a><br \/>\nII Trener: Kostas Milonas \u2013 tel: 515 649 571; e-mail: <a href=\"mailto:k.milonas@wartapoznan.pl\" target=\"_blank\" rel=\"noopener noreferrer\">k.milonas@wartapoznan.pl<\/a><\/p>\n<h6>Zesp\u00f3\u0142 B2 \u2013 rocznik 2005\/2006<\/h6>\n<p>I Trener: Albert Go\u015bli\u0144ski; &#8211; tel: e-mail: <a href=\"mailto:a.goslinski@wartapoznan.pl\" target=\"_blank\" rel=\"noopener noreferrer\">a.goslinski@wartapoznan.pl<\/a><br \/>\nII Trener: \u0141ukasz Goi\u0144ski \u2013 tel: 607 728 021; e-mail: <a href=\"mailto:l.goinski@wartapoznan.pl\">l.goinski@wartapoznan.pl<\/a><\/p>\n<h6>Zesp\u00f3\u0142 C1 \u2013 rocznik 2007<\/h6>\n<p>I Trener: Daniel Ledzion \u2013 tel. 605 585 696, e-mail:\u00a0<a href=\"mailto:d.ledzion@wartapoznan.pl\">d.ledzion@wartapoznan.pl<\/a><br \/>\nII Trener: Jakub Budych \u2013 tel. 605 919 591, e-mail:\u00a0<a href=\"mailto:j.budych@wartapoznan.pl\">j.budych@wartapoznan.pl<\/a><\/p>\n<h6>Zesp\u00f3\u0142 C2 \u2013 rocznik 2008<\/h6>\n<p>I Trener: Patryk Chabowski \u2013 tel. 724 128 648, e-mail:\u00a0<a href=\"mailto:p.chabowski@wartapoznan.pl\">p.chabowski@wartapoznan.pl<\/a><br \/>\nII Trener: Rados\u0142aw Cegielski \u2013 tel. 723 741 950, e-mail:\u00a0<a href=\"mailto:r.cegielski@wartapoznan.pl\">r.cegielski@wartapoznan.pl<\/a><\/p>\n<h6>Zesp\u00f3\u0142 D1 \u2013 rocznik 2009<\/h6>\n<p>I Trener: Miko\u0142aj Piechowiak \u2013 tel. 519 194 500, e-mail:\u00a0<a href=\"mailto:m.piechowiak@wartapoznan.pl\">m.piechowiak@wartapoznan.pl<\/a><br \/>\nII Trener: Piotr Schulze \u2013 tel. 608 067 079, e-mail:\u00a0<a href=\"mailto:p.schulze@wartapoznan.pl\">p.schulze@wartapoznan.pl<\/a><\/p>\n<h6>Zesp\u00f3\u0142 D2 \u2013 rocznik 2010<\/h6>\n<p>I Trener: Piotr Mydlikowski \u2013 tel. 797 581 105, e-mail:\u00a0<a href=\"mailto:p.mydlikowski@wartapoznan.pl\">p.mydlikowski@wartapoznan.pl<\/a><br \/>\nII Trener: Adam Galas \u2013 tel. 509 155 977, e-mail:\u00a0<a href=\"mailto:a.galas@wartapoznan.pl\">a.galas@wartapoznan.pl<\/a><\/p>\n<h6>Zesp\u00f3\u0142 E1 \u2013 rocznik 2011<\/h6>\n<p>I Trener: Rados\u0142aw Cegielski \u2013 tel. 723 741 950, e-mail:\u00a0<a href=\"mailto:r.cegielski@wartapoznan.pl\">r.cegielski@wartapoznan.pl<\/a><br \/>\nII Trener: Bartosz Tomaszewski \u2013 tel. 660 714 337, e-mail:\u00a0<a href=\"mailto:b.tomaszewski@wartapoznan.pl\">b.tomaszewski@wartapoznan.pl<\/a><\/p>\n<h6>Zesp\u00f3\u0142 E2 \u2013 rocznik 2012<\/h6>\n<p>I Trener: Szymon Czechowski \u2013 tel. 507 142 961, e-mail:\u00a0<a href=\"mailto:s.czechowski@wartapoznan.pl\">s.czechowski@wartapoznan.pl<\/a><br \/>\nII Trener: Patryk Chabowski \u2013 tel. 724 128 648, e-mail:\u00a0<a href=\"mailto:p.chabowski@wartapoznan.pl\">p.chabowski@wartapoznan.pl<\/a><\/p>\n<h6>Zesp\u00f3\u0142 F1 \u2013 rocznik 2013<\/h6>\n<p>I Trener: Micha\u0142 Go\u015bciniak \u2013 tel. 693 458 961, e-mail:\u00a0<a href=\"mailto:m.gosciniak@wartapoznan.pl\">m.gosciniak@wartapoznan.pl<\/a><br \/>\nII Trener: Adam Andrzejczyk \u2013 tel. 508 359 017, e-mail:\u00a0<a href=\"mailto:a.andrzejczyk@wartapoznan.pl\">a.andrzejczyk@wartapoznan.pl<\/a><\/p>\n<h6>Zesp\u00f3\u0142 F2 \u2013 rocznik 2014<\/h6>\n<p>I Trener: Adam Andrzejczyk \u2013 tel. 508 359 017, e-mail:\u00a0<a href=\"mailto:a.andrzejczyk@wartapoznan.pl\">a.andrzejczyk@wartapoznan.pl<\/a><br \/>\nII Trener: Micha\u0142 Go\u015bciniak \u2013 tel. 693 458 961, e-mail:\u00a0<a href=\"mailto:m.gosciniak@wartapoznan.pl\">m.gosciniak@wartapoznan.pl<\/a><\/p>\n<h6>Zesp\u00f3\u0142 G1 \u2013 rocznik 2015<\/h6>\n<p>I Trener: Wiktor Kopczy\u0144ski \u2013 tel: 883 010 994; e-mail:\u00a0<a href=\"mailto:w.kopczynski@wartapoznan.pl\" target=\"_blank\" rel=\"noopener noreferrer\">w.kopczynski@wartapoznan.pl<\/a><br \/>\nII Trener: Kacper Kmieciak \u2013 tel: 667 657 003; e-mail:\u00a0<a href=\"mailto:k.kmieciak@wartapoznan.pl\">k.kmieciak@wartapoznan.pl<\/a><\/p>\n<h6>Zesp\u00f3\u0142 G2 \u2013 rocznik 2016<\/h6>\n<p>I Trener: \u0141ukasz Goi\u0144ski \u2013 tel: 607 728 021; e-mail:\u00a0<a href=\"mailto:l.goinski@wartapoznan.pl\">l.goinski@wartapoznan.pl<\/a><\/p>\n<h6>Zesp\u00f3\u0142 dziewczyn \u2013 roczniki 2004\/2005\/2006<\/h6>\n<p>I Trener: Anna Jankowska \u2013 tel. 661 413 205, e-mail:\u00a0<a href=\"mailto:a.jankowska@wartapoznan.pl\">a.jankowska@wartapoznan.pl<\/a><br \/>\nII Trener: Karolina Zi\u00f3\u0142ek \u2013 tel. 515 572 269, e-mail:\u00a0<a href=\"mailto:k.ziolek@wartapoznan.pl\">k.ziolek@wartapoznan.pl<\/a><\/p>\n<h6>Zesp\u00f3\u0142 dziewczyn \u2013 roczniki 2007\/2008<\/h6>\n<p>I Trener: \u0141ukasz Nowak \u2013 tel. 695 928 631, e-mail:\u00a0<a href=\"mailto:l.nowak@wartapoznan.pl\">l.nowak@wartapoznan.pl<\/a><br \/>\nII Trener: Dagmara Zawadzka \u2013 tel. 697 164 232, e-mail:\u00a0<a href=\"mailto:d.zawadzka@wartapoznan.pl\">d.zawadzka@wartapoznan.pl<\/a><\/p>\n<h6>Zesp\u00f3\u0142 dziewczyn \u2013 roczniki 2009\/2010\/2011<\/h6>\n<p>I Trener: Dagmara Zawadzka \u2013 tel. 697 164 232, e-mail:\u00a0<a href=\"mailto:d.zawadzka@wartapoznan.pl\">d.zawadzka@wartapoznan.pl<\/a><br \/>\nII Trener: Karolina Zi\u00f3\u0142ek \u2013 tel. 515 572 269, e-mail:\u00a0<a href=\"mailto:k.ziolek@wartapoznan.pl\">k.ziolek@wartapoznan.pl<\/a><\/p>\n<h6>Zesp\u00f3\u0142 dziewczyn \u2013 roczniki 2012\/2013\/2014<\/h6>\n<p>I Trener: Anna Jankowska \u2013 tel. 661 413 205, e-mail:\u00a0<a href=\"mailto:a.jankowska@wartapoznan.pl\">a.jankowska@wartapoznan.pl<\/a><\/p>\n<h6>Szko\u0142a bramkarzy Warty Pozna\u0144<\/h6>\n<p>\u0141ukasz Ma\u0107kowiak \u2013 tel: 519 827 227; e-mail:\u00a0<a href=\"mailto:l.mackowiak@wartapoznan.pl\" target=\"_blank\" rel=\"noopener noreferrer\">l.mackowiak@wartapoznan.pl<\/a><br \/>\nArtur Topolski \u2013 tel: 601 765 382; e-mail:\u00a0<a href=\"mailto:a.topolski@wartapoznan.pl\" target=\"_blank\" rel=\"noopener noreferrer\">a.topolski@wartapoznan.pl<\/a><br \/>\nAndrzej \u017burawski \u2013 tel: 517 232 522; e-mail:\u00a0<a href=\"mailto:a.zurawski@wartapoznan.pl\">a.zurawski@wartapoznan.pl<\/a><br \/>\nTomasz Nowaczyk \u2013 tel: 663 086 888; e-mail:\u00a0<a href=\"mailto:t.nowaczyk@wartapoznan.pl\">t.nowaczyk@wartapoznan.pl<\/a><br \/>\nMiko\u0142aj Morawski (pi\u0142ka kobieca) \u2013 tel: 605 248 155; e-mail:\u00a0<a href=\"mailto:m.morawski@wartapoznan.pl\">m.morawski@wartapoznan.pl<\/a><\/p>\n<h6>Sztab Medyczny Akademii Warty Pozna\u0144<\/h6>\n<p>Mateusz Pietkowski \u2013 tel. 886 457 858; e-mail:\u00a0<a href=\"mailto:m.pietkowski@wartapoznan.pl\">m.pietkowski@wartapoznan.pl<\/a><br \/>\nJakub Myszkowski \u2013 tel. 696 343 566; e-mail:\u00a0<a href=\"mailto:j.myszkowski@wartapoznan.pl\">j.myszkowski@wartapoznan.pl<\/a><br \/>\nOskar Orszy\u0144ski \u2013 tel. 696 983 318; e-mail:\u00a0<a href=\"mailto:o.orszynski@wartapoznan.pl\">o.orszynski@wartapoznan.pl<\/a><br \/>\nSylwia Ejnik (pi\u0142ka kobieca) \u2013 tel. 515 072 371; e-mail:\u00a0<a href=\"mailto:s.ejnik@wartapoznan.pl\">s.ejnik@wartapoznan.pl<\/a><\/p>\n<h6>Trener Przygotowania\u00a0Mentalnego i Psycholog Sportu\u00a0w Akademii Warty Pozna\u0144<\/h6>\n<p>Marcin \u015acis\u0142owski \u2013 tel. 506 731 431; e-mail:\u00a0<a href=\"mailto:m.scislowski@wartapoznan.pl\">m.scislowski@wartapoznan.pl<\/a><\/p>\n<h6>Trenerzy Przygotowania Motorycznego w Akademii Warty Pozna\u0144<\/h6>\n<p>Artur Ryczek \u2013 tel. 784 927 021; e-mail:\u00a0<a href=\"mailto:a.ryczek@wartapoznan.pl\">a.ryczek@wartapoznan.pl<\/a><br \/>\nMateusz Zawalski \u2013\u00a0 tel. 723 941 431; e-mail:\u00a0<a href=\"mailto:m.zawalski@wartapoznan.pl\">m.zawalski@wartapoznan.pl<\/a><br \/>\nDariusz Walasek \u2013 tel. 692 697 796; e-mail:\u00a0<a href=\"mailto:d.walasek@wartapoznan.pl\">d.walasek@wartapoznan.pl<\/a><\/p>\n<h3>Nab\u00f3r do Warty Pozna\u0144 &#8211; wype\u0142nij formularz<\/h3>\n<p>Nale\u017cy wype\u0142ni\u0107 wszystkie pola formularza. Je\u015bli w przypadku m\u0142odszych zawodnik\u00f3w i zawodniczek nie ma informacji na temat obecnego klubu i poprzednich klub\u00f3w, prosimy wpisa\u0107 BRAK.<\/p>\n\n<div class=\"wpcf7 no-js\" id=\"wpcf7-f9129-o1\" lang=\"pl-PL\" dir=\"ltr\">\n<div class=\"screen-reader-response\"><p role=\"status\" aria-live=\"polite\" aria-atomic=\"true\"><\/p> <ul><\/ul><\/div>\n<form action=\"\/index.php\/wp-json\/wp\/v2\/pages\/1821#wpcf7-f9129-o1\" method=\"post\" class=\"wpcf7-form init\" aria-label=\"Formularz kontaktowy\" novalidate=\"novalidate\" data-status=\"init\">\n<div style=\"display: none;\">\n<input type=\"hidden\" name=\"_wpcf7\" value=\"9129\" \/>\n<input type=\"hidden\" name=\"_wpcf7_version\" value=\"5.9.8\" \/>\n<input type=\"hidden\" name=\"_wpcf7_locale\" value=\"pl_PL\" \/>\n<input type=\"hidden\" name=\"_wpcf7_unit_tag\" value=\"wpcf7-f9129-o1\" \/>\n<input type=\"hidden\" name=\"_wpcf7_container_post\" value=\"0\" \/>\n<input type=\"hidden\" name=\"_wpcf7_posted_data_hash\" value=\"\" \/>\n<input type=\"hidden\" name=\"_wpcf7_recaptcha_response\" value=\"\" \/>\n<\/div>\n<div class=\"row\">\n\t<div class=\"col-md-4\">\n\t\t<div class=\"form-group\">\n\t\t\t<p><label>Imi\u0119 i nazwisko: <span class=\"required\"><\/span><\/label><br \/>\n<span class=\"wpcf7-form-control-wrap\" data-name=\"input-name\"><input size=\"40\" maxlength=\"400\" class=\"wpcf7-form-control wpcf7-text wpcf7-validates-as-required form-control\" id=\"input-name\" aria-required=\"true\" aria-invalid=\"false\" placeholder=\"podaj imi\u0119 i nazwisko\" value=\"\" type=\"text\" name=\"input-name\" \/><\/span>\n\t\t\t<\/p>\n\t\t<\/div>\n\t<\/div>\n\t<div class=\"col-md-4\">\n\t\t<div class=\"form-group\">\n\t\t\t<p><label>Rok urodzenia <span class=\"required\"><\/span><\/label><br \/>\n<span class=\"wpcf7-form-control-wrap\" data-name=\"input-data\"><input size=\"40\" maxlength=\"400\" class=\"wpcf7-form-control wpcf7-text wpcf7-validates-as-required form-control\" id=\"input-data\" aria-required=\"true\" aria-invalid=\"false\" placeholder=\"podaj rok urodzenia\" value=\"\" type=\"text\" name=\"input-data\" \/><\/span>\n\t\t\t<\/p>\n\t\t<\/div>\n\t<\/div>\n\t<div class=\"col-md-4\">\n\t\t<div class=\"form-group\">\n\t\t\t<p><label>Pozycja na boisku <span class=\"required\"><\/span><\/label><br \/>\n<span class=\"wpcf7-form-control-wrap\" data-name=\"input-pozycja\"><input size=\"40\" maxlength=\"400\" class=\"wpcf7-form-control wpcf7-text wpcf7-validates-as-required form-control\" id=\"input-pozycja\" aria-required=\"true\" aria-invalid=\"false\" placeholder=\"podaj pozycj\u0119\" value=\"\" type=\"text\" name=\"input-pozycja\" \/><\/span>\n\t\t\t<\/p>\n\t\t<\/div>\n\t<\/div>\n\t<div class=\"col-md-4\">\n\t\t<div class=\"form-group\">\n\t\t\t<p><label>Obecny klub <span class=\"required\"><\/span><\/label><br \/>\n<span class=\"wpcf7-form-control-wrap\" data-name=\"input-klub\"><input size=\"40\" maxlength=\"400\" class=\"wpcf7-form-control wpcf7-text wpcf7-validates-as-required form-control\" id=\"input-klub\" aria-required=\"true\" aria-invalid=\"false\" placeholder=\"podaj obecny klub\" value=\"\" type=\"text\" name=\"input-klub\" \/><\/span>\n\t\t\t<\/p>\n\t\t<\/div>\n\t<\/div>\n\t<div class=\"col-md-4\">\n\t\t<div class=\"form-group\">\n\t\t\t<p><label>Poprzednie kluby <span class=\"required\"><\/span><\/label><br \/>\n<span class=\"wpcf7-form-control-wrap\" data-name=\"input-kluby\"><input size=\"40\" maxlength=\"400\" class=\"wpcf7-form-control wpcf7-text wpcf7-validates-as-required form-control\" id=\"input-kluby\" aria-required=\"true\" aria-invalid=\"false\" placeholder=\"podaj poprzednie kluby\" value=\"\" type=\"text\" name=\"input-kluby\" \/><\/span>\n\t\t\t<\/p>\n\t\t<\/div>\n\t<\/div>\n\t<div class=\"col-md-4\">\n\t\t<div class=\"form-group\">\n\t\t\t<p><label>Miejsce zamieszkania <span class=\"required\"><\/span><\/label><br \/>\n<span class=\"wpcf7-form-control-wrap\" data-name=\"input-zamieszkanie\"><input size=\"40\" maxlength=\"400\" class=\"wpcf7-form-control wpcf7-text wpcf7-validates-as-required form-control\" id=\"input-zamieszkanie\" aria-required=\"true\" aria-invalid=\"false\" placeholder=\"podaj miejsce zamieszkania\" value=\"\" type=\"text\" name=\"input-zamieszkanie\" \/><\/span>\n\t\t\t<\/p>\n\t\t<\/div>\n\t<\/div>\n\t<div class=\"col-md-4\">\n\t\t<div class=\"form-group\">\n\t\t\t<p><label>Telefon kontaktowy<span class=\"required\"><\/span><\/label><br \/>\n<span class=\"wpcf7-form-control-wrap\" data-name=\"input-telefon\"><input size=\"40\" maxlength=\"400\" class=\"wpcf7-form-control wpcf7-text wpcf7-validates-as-required form-control\" id=\"input-telefon\" aria-required=\"true\" aria-invalid=\"false\" placeholder=\"podaj telefon kontaktowy\" value=\"\" type=\"text\" name=\"input-telefon\" \/><\/span>\n\t\t\t<\/p>\n\t\t<\/div>\n\t<\/div>\n\t<div class=\"col-md-4\">\n\t\t<div class=\"form-group\">\n\t\t\t<p><label>Adres e-mail <span class=\"required\"><\/span><\/label><br \/>\n<span class=\"wpcf7-form-control-wrap\" data-name=\"input-mail\"><input size=\"40\" maxlength=\"400\" class=\"wpcf7-form-control wpcf7-text wpcf7-validates-as-required form-control\" id=\"input-mail\" aria-required=\"true\" aria-invalid=\"false\" placeholder=\"podaj e-mail kontaktowy\" value=\"\" type=\"text\" name=\"input-mail\" \/><\/span>\n\t\t\t<\/p>\n\t\t<\/div>\n\t<\/div>\n\t<div class=\"form-group form-group--submit\">\n\t\t<div class=\"form-group form-group--submit\">\n\t\t\t<p><span class=\"wpcf7-form-control-wrap\" data-name=\"zgoda\"><span class=\"wpcf7-form-control wpcf7-checkbox\"><span class=\"wpcf7-list-item first last\"><input type=\"checkbox\" name=\"zgoda[]\" value=\"Wyra\u017cam zgod\u0119 na przetwarzanie przez Warta Pozna\u0144 Sp\u00f3\u0142ka Akcyjna z siedzib\u0105 w Poznaniu przy ul. Droga D\u0119bi\u0144ska 12, 61-555 Pozna\u0144, moich danych osobowych zawartych w formularzu w celu marketingowych (zgoda opcjonalna).\" \/><span class=\"wpcf7-list-item-label\">Wyra\u017cam zgod\u0119 na przetwarzanie przez Warta Pozna\u0144 Sp\u00f3\u0142ka Akcyjna z siedzib\u0105 w Poznaniu przy ul. Droga D\u0119bi\u0144ska 12, 61-555 Pozna\u0144, moich danych osobowych zawartych w formularzu w celu marketingowych (zgoda opcjonalna).<\/span><\/span><\/span><\/span><br \/>\n<input class=\"wpcf7-form-control wpcf7-submit has-spinner btn btn-primary-inverse btn-lg btn-block\" id=\"submit\" type=\"submit\" value=\"Wy\u015blij formularz\" \/>\n\t\t\t<\/p>\n\t\t<\/div>\n\t<\/div>\n<\/div><div class=\"wpcf7-response-output\" aria-hidden=\"true\"><\/div>\n<\/form>\n<\/div>\n\n<p>[\/vc_column_text][\/vc_column_inner][\/vc_row_inner][\/alc_box][\/vc_column][\/vc_row]<\/p>\n","protected":false},"excerpt":{"rendered":"<p>[vc_row css=&#8221;.vc_custom_1529321831178{margin-top: 20px !important;margin-bottom: 60px !important;}&#8221;][vc_column][alc_box title=&#8221;Zagraj w Warcie Pozna\u0144&#8221;][vc_row_inner][vc_column_inner][vc_column_text] Drogi Rodzicu! Twoje dziecko marzy o pi\u0142karskiej przygodzie? Gra w&#8230;<\/p>\n","protected":false},"author":36,"featured_media":0,"parent":0,"menu_order":0,"comment_status":"closed","ping_status":"closed","template":"","meta":{"om_disable_all_campaigns":false,"inline_featured_image":false,"footnotes":"","_links_to":"","_links_to_target":""},"categories":[],"tags":[],"aioseo_notices":[],"_links":{"self":[{"href":"https:\/\/wartapoznan.pl\/index.php\/wp-json\/wp\/v2\/pages\/1821"}],"collection":[{"href":"https:\/\/wartapoznan.pl\/index.php\/wp-json\/wp\/v2\/pages"}],"about":[{"href":"https:\/\/wartapoznan.pl\/index.php\/wp-json\/wp\/v2\/types\/page"}],"author":[{"embeddable":true,"href":"https:\/\/wartapoznan.pl\/index.php\/wp-json\/wp\/v2\/users\/36"}],"replies":[{"embeddable":true,"href":"https:\/\/wartapoznan.pl\/index.php\/wp-json\/wp\/v2\/comments?post=1821"}],"version-history":[{"count":39,"href":"https:\/\/wartapoznan.pl\/index.php\/wp-json\/wp\/v2\/pages\/1821\/revisions"}],"predecessor-version":[{"id":18249,"href":"https:\/\/wartapoznan.pl\/index.php\/wp-json\/wp\/v2\/pages\/1821\/revisions\/18249"}],"wp:attachment":[{"href":"https:\/\/wartapoznan.pl\/index.php\/wp-json\/wp\/v2\/media?parent=1821"}],"wp:term":[{"taxonomy":"category","embeddable":true,"href":"https:\/\/wartapoznan.pl\/index.php\/wp-json\/wp\/v2\/categories?post=1821"},{"taxonomy":"post_tag","embeddable":true,"href":"https:\/\/wartapoznan.pl\/index.php\/wp-json\/wp\/v2\/tags?post=1821"}],"curies":[{"name":"wp","href":"https:\/\/api.w.org\/{rel}","templated":true}]}}