{"id":28296,"date":"2024-01-10T16:44:33","date_gmt":"2024-01-10T15:44:33","guid":{"rendered":"https:\/\/wartapoznan.pl\/?page_id=28296"},"modified":"2024-06-14T13:03:50","modified_gmt":"2024-06-14T11:03:50","slug":"stefan-malinowski","status":"publish","type":"page","link":"https:\/\/wartapoznan.pl\/index.php\/aleja-warciarzy\/stefan-malinowski\/","title":{"rendered":"Stefan Malinowski"},"content":{"rendered":"<p><strong>STEFAN MALINOWSKI<\/strong><\/p>\n<p><strong>ur. 23.07.1894 \u2013 zm. ok. 03.1915<\/strong><\/p>\n<p><img loading=\"lazy\" decoding=\"async\" width=\"573\" height=\"702\" class=\"alignnone  wp-image-30218\" src=\"https:\/\/wartapoznan.pl\/wp-content\/uploads\/2024\/06\/Stefan-Malinowski.png\" alt=\"Stefan Malinowski - za\u0142o\u017cyciel Warty Pozna\u0144\" srcset=\"https:\/\/wartapoznan.pl\/wp-content\/uploads\/2024\/06\/Stefan-Malinowski.png 573w, https:\/\/wartapoznan.pl\/wp-content\/uploads\/2024\/06\/Stefan-Malinowski-245x300.png 245w, https:\/\/wartapoznan.pl\/wp-content\/uploads\/2024\/06\/Stefan-Malinowski-104x128.png 104w, https:\/\/wartapoznan.pl\/wp-content\/uploads\/2024\/06\/Stefan-Malinowski-26x32.png 26w\" sizes=\"(max-width: 573px) 100vw, 573px\" \/><\/p>\n<p>Za\u0142o\u017cyciel i pierwszy skarbnik Warty Pozna\u0144.<\/p>\n<p><em>\u201eWiara, musimy za\u0142o\u017cy\u0107 polski Fusball-Verein&#8221; \u2013 <\/em>wed\u0142ug relacji Edmunda Szyca to w\u0142a\u015bnie od tych s\u0142\u00f3w Stefana Malinowskiego realnych kszta\u0142t\u00f3w nabra\u0142a idea stworzenia pierwszego polskiego klubu pi\u0142karskiego w Poznaniu. Niespe\u0142na 18-letni w\u00f3wczas Stefan Malinowski by\u0142 jednym z siedmiu za\u0142o\u017cycieli Warty Pozna\u0144 i zarazem skarbnikiem klubu.<\/p>\n<p>Podobnie jak wszyscy za\u0142o\u017cyciele klubu, Stefan Malinowski te\u017c by\u0142 zawodnikiem Warty. Wyst\u0105pi\u0142 w pierwszym, historycznym pojedynku z 18 sierpnia 1912 roku, kiedy to \u201eZieloni\u201d pokonali a\u017c 9:2 Herth\u0119 Pozna\u0144. W listopadzie tego roku zagra\u0142 w barwach reprezentacji Wielkopolski w jej premierowym wyst\u0119pie \u2013 przeciwko Wi\u015ble w Krakowie.<\/p>\n<p>W styczniu 1913 roku Stefan Malinowski by\u0142 jednym z pi\u0119ciu przedstawicieli Warty Pozna\u0144, kt\u00f3rzy wsp\u00f3lnie z delegacj\u0105 Posnanii za\u0142o\u017cyli Zwi\u0105zek Polskich Towarzystw Sportowych. Jak informowa\u0142 pozna\u0144ski \u201eOr\u0119downik\u201d: <em>\u201eZwi\u0105zek ten ma na celu z\u0142\u0105czenie wszystkich polskich sportowc\u00f3w \u017cyj\u0105cych w Niemczech i przez wsp\u00f3lne \u0107wiczenia i zawody wydoskonali\u0107 ich w technice gry w pi\u0142k\u0119 no\u017cn\u0105 i pi\u0119st\u00f3wk\u0119<\/em> [gra przypominaj\u0105ca nieco dzisiejsz\u0105 siatk\u00f3wk\u0119]\u201d.<\/p>\n<p>Gdy wybuch\u0142a I wojna \u015bwiatowa, tylko jeden zawodnik pierwszej dru\u017cyny Warty zosta\u0142 w Poznaniu. Powo\u0142anie do armii dosta\u0142o 45 na 100 cz\u0142onk\u00f3w klubu. W\u015br\u00f3d nich by\u0142 Stefan Malinowski, kt\u00f3ry walczy\u0142 w armii pruskiej jako \u017co\u0142nierz 225 rez. pu\u0142ku piechoty. Zgin\u0105\u0142 na froncie w Karpatach, prawdopodobnie w marcu 1915 roku.<\/p>\n<p><em>fot. archiwum Klubu<\/em><\/p>\n","protected":false},"excerpt":{"rendered":"<p>STEFAN MALINOWSKI ur. 23.07.1894 \u2013 zm. ok. 03.1915 Za\u0142o\u017cyciel i pierwszy skarbnik Warty Pozna\u0144. \u201eWiara, musimy za\u0142o\u017cy\u0107 polski Fusball-Verein&#8221; \u2013&#8230;<\/p>\n","protected":false},"author":36,"featured_media":0,"parent":28290,"menu_order":0,"comment_status":"closed","ping_status":"closed","template":"","meta":{"om_disable_all_campaigns":false,"inline_featured_image":false,"footnotes":"","_links_to":"","_links_to_target":""},"categories":[],"tags":[],"aioseo_notices":[],"_links":{"self":[{"href":"https:\/\/wartapoznan.pl\/index.php\/wp-json\/wp\/v2\/pages\/28296"}],"collection":[{"href":"https:\/\/wartapoznan.pl\/index.php\/wp-json\/wp\/v2\/pages"}],"about":[{"href":"https:\/\/wartapoznan.pl\/index.php\/wp-json\/wp\/v2\/types\/page"}],"author":[{"embeddable":true,"href":"https:\/\/wartapoznan.pl\/index.php\/wp-json\/wp\/v2\/users\/36"}],"replies":[{"embeddable":true,"href":"https:\/\/wartapoznan.pl\/index.php\/wp-json\/wp\/v2\/comments?post=28296"}],"version-history":[{"count":4,"href":"https:\/\/wartapoznan.pl\/index.php\/wp-json\/wp\/v2\/pages\/28296\/revisions"}],"predecessor-version":[{"id":30220,"href":"https:\/\/wartapoznan.pl\/index.php\/wp-json\/wp\/v2\/pages\/28296\/revisions\/30220"}],"up":[{"embeddable":true,"href":"https:\/\/wartapoznan.pl\/index.php\/wp-json\/wp\/v2\/pages\/28290"}],"wp:attachment":[{"href":"https:\/\/wartapoznan.pl\/index.php\/wp-json\/wp\/v2\/media?parent=28296"}],"wp:term":[{"taxonomy":"category","embeddable":true,"href":"https:\/\/wartapoznan.pl\/index.php\/wp-json\/wp\/v2\/categories?post=28296"},{"taxonomy":"post_tag","embeddable":true,"href":"https:\/\/wartapoznan.pl\/index.php\/wp-json\/wp\/v2\/tags?post=28296"}],"curies":[{"name":"wp","href":"https:\/\/api.w.org\/{rel}","templated":true}]}}