{"id":28318,"date":"2024-01-10T17:28:33","date_gmt":"2024-01-10T16:28:33","guid":{"rendered":"https:\/\/wartapoznan.pl\/?page_id=28318"},"modified":"2024-06-14T12:10:58","modified_gmt":"2024-06-14T10:10:58","slug":"adam-kniola","status":"publish","type":"page","link":"https:\/\/wartapoznan.pl\/index.php\/aleja-warciarzy\/adam-kniola\/","title":{"rendered":"Adam Knio\u0142a"},"content":{"rendered":"<p><strong>ADAM KNIO\u0141A<\/strong><\/p>\n<p><strong>ur. 07.02.1911 \u2013 zm. 26.12.1942<\/strong><\/p>\n<p><img loading=\"lazy\" decoding=\"async\" width=\"1500\" height=\"1000\" class=\"alignnone  wp-image-30180\" src=\"https:\/\/wartapoznan.pl\/wp-content\/uploads\/2024\/06\/Kniola_NAC.jpg\" alt=\"Adam Knio\u0142a - fot. Narodowe Archiwum Cyfrowe\" srcset=\"https:\/\/wartapoznan.pl\/wp-content\/uploads\/2024\/06\/Kniola_NAC.jpg 1500w, https:\/\/wartapoznan.pl\/wp-content\/uploads\/2024\/06\/Kniola_NAC-300x200.jpg 300w, https:\/\/wartapoznan.pl\/wp-content\/uploads\/2024\/06\/Kniola_NAC-128x85.jpg 128w, https:\/\/wartapoznan.pl\/wp-content\/uploads\/2024\/06\/Kniola_NAC-32x21.jpg 32w\" sizes=\"(max-width: 1500px) 100vw, 1500px\" \/><\/p>\n<p>Pi\u0142karz Warty Pozna\u0144, mistrz Polski z 1929 roku. W mistrzowskim sezonie: 19 mecz\u00f3w i 14 goli. Reprezentant Polski.<\/p>\n<p>Najm\u0142odszy w ekipie mistrz\u00f3w Polski z 1929 roku. Gdy rozpoczyna\u0142 si\u0119 rok zako\u0144czony zdobyciem tytu\u0142u, Adam Knio\u0142a mia\u0142 zaledwie 18 lat, mimo to rozgrywa\u0142 ju\u017c wtedy sw\u00f3j drugi sezon w zespole \u201eZielonych\u201d. By\u0142 prawym \u0142\u0105cznikiem, ale te\u017c napastnikiem. Drugim najlepszym strzelcem mistrzowskiej dru\u017cyny z 14 bramkami na koncie. Wi\u0119cej trafie\u0144 mia\u0142 tylko W\u0142adys\u0142aw Przybysz. Opr\u00f3cz pi\u0142ki no\u017cnej uprawia\u0142 te\u017c lekkoatletyk\u0119.<\/p>\n<p>\u201eWarciarzem\u201d by\u0142 od 1928 do 1934 roku. Rozegra\u0142 w tym czasie 111 mecz\u00f3w i strzeli\u0142 57 goli. W relacjach z wyst\u0119p\u00f3w Adama Knio\u0142y wy\u0142ania si\u0119 obraz przebojowego, graj\u0105cego efektownie pi\u0142karza, kt\u00f3ry potrafi\u0142 by\u0107 skuteczny w polu karnym przeciwnika. <em>\u201eKnio\u0142a jest jednym ze \u015bwie\u017co odkrytych talent\u00f3w; operuje on, poza innemi zaletami, du\u017c\u0105 orientacj\u0105 w gor\u0105czce podbramkowej i niema\u0142\u0105 predyspozycj\u0105 strza\u0142ow\u0105 z ka\u017cdej pozycji&#8221;<\/em> \u2013 tak dziennikarz \u201ePrzegl\u0105du Sportowego\u201d charakteryzowa\u0142 m\u0142odego pi\u0142karza Warty Pozna\u0144.<\/p>\n<p>Jeszcze przed swoimi 21. urodzinami, 25 pa\u017adziernika 1913 roku zadebiutowa\u0142 w reprezentacji Polski, kt\u00f3ra na Stadionie Miejskim w Poznaniu mierzy\u0142a si\u0119 towarzysko z Jugos\u0142awi\u0105, p\u00f3\u0142finalist\u0105 rozgrywanych rok wcze\u015bniej w Urugwaju mistrzostw \u015bwiata. W stolicy Wielkopolski Polacy rozbili dru\u017cyn\u0119 z Ba\u0142kan\u00f3w 6:3, a Adam Knio\u0142a zdoby\u0142 bramki na 4:1 i 5:2. Zosta\u0142 w ten spos\u00f3b najm\u0142odszym strzelcem dw\u00f3ch goli w jednym meczu dla \u201eBia\u0142o-czerwonych\u201d.<\/p>\n<p>W kadrze narodowej zagra\u0142 potem jeszcze tylko raz, we wrze\u015bniu 1935 roku, przeciwko \u0141otwie, gdy by\u0142 ju\u017c zawodnikiem Warszawianki. Adam Knio\u0142a przeni\u00f3s\u0142 si\u0119 do stolicy po tym, jak otrzyma\u0142 korzystn\u0105 dla siebie ofert\u0119 pracy w charakterze urz\u0119dnika pocztowego. Obowi\u0105zki te \u0142\u0105czy\u0142 z gr\u0105 dla Warszawianki. W sumie gra\u0142 w lidze przez 12 sezon\u00f3w od 1928 do 1939 roku. Z pewno\u015bci\u0105 Adam Knio\u0142a m\u00f3g\u0142by jeszcze bardziej poprawi\u0107 ten dorobek, gdy\u017c w momencie wybuchu II wojny \u015bwiatowej mia\u0142 dopiero 28 lat.<\/p>\n<p>W 1940 roku zosta\u0142 aresztowany przez hitlerowc\u00f3w w wyniku ulicznej \u0142apanki na ulicach Warszawy. Trafi\u0142 do obozu koncentracyjnego Auschwitz, gdzie zosta\u0142 zamordowany w komorze gazowej, w drugi dzie\u0144 \u015bwi\u0105t Bo\u017cego Narodzenia w 1942 roku.<\/p>\n<p><em>fot. Narodowe Archiwum Cyfrowe<\/em><\/p>\n","protected":false},"excerpt":{"rendered":"<p>ADAM KNIO\u0141A ur. 07.02.1911 \u2013 zm. 26.12.1942 Pi\u0142karz Warty Pozna\u0144, mistrz Polski z 1929 roku. W mistrzowskim sezonie: 19 mecz\u00f3w&#8230;<\/p>\n","protected":false},"author":36,"featured_media":0,"parent":28290,"menu_order":0,"comment_status":"closed","ping_status":"closed","template":"","meta":{"om_disable_all_campaigns":false,"inline_featured_image":false,"footnotes":"","_links_to":"","_links_to_target":""},"categories":[],"tags":[],"aioseo_notices":[],"_links":{"self":[{"href":"https:\/\/wartapoznan.pl\/index.php\/wp-json\/wp\/v2\/pages\/28318"}],"collection":[{"href":"https:\/\/wartapoznan.pl\/index.php\/wp-json\/wp\/v2\/pages"}],"about":[{"href":"https:\/\/wartapoznan.pl\/index.php\/wp-json\/wp\/v2\/types\/page"}],"author":[{"embeddable":true,"href":"https:\/\/wartapoznan.pl\/index.php\/wp-json\/wp\/v2\/users\/36"}],"replies":[{"embeddable":true,"href":"https:\/\/wartapoznan.pl\/index.php\/wp-json\/wp\/v2\/comments?post=28318"}],"version-history":[{"count":4,"href":"https:\/\/wartapoznan.pl\/index.php\/wp-json\/wp\/v2\/pages\/28318\/revisions"}],"predecessor-version":[{"id":30181,"href":"https:\/\/wartapoznan.pl\/index.php\/wp-json\/wp\/v2\/pages\/28318\/revisions\/30181"}],"up":[{"embeddable":true,"href":"https:\/\/wartapoznan.pl\/index.php\/wp-json\/wp\/v2\/pages\/28290"}],"wp:attachment":[{"href":"https:\/\/wartapoznan.pl\/index.php\/wp-json\/wp\/v2\/media?parent=28318"}],"wp:term":[{"taxonomy":"category","embeddable":true,"href":"https:\/\/wartapoznan.pl\/index.php\/wp-json\/wp\/v2\/categories?post=28318"},{"taxonomy":"post_tag","embeddable":true,"href":"https:\/\/wartapoznan.pl\/index.php\/wp-json\/wp\/v2\/tags?post=28318"}],"curies":[{"name":"wp","href":"https:\/\/api.w.org\/{rel}","templated":true}]}}