{"id":28324,"date":"2024-01-10T17:33:47","date_gmt":"2024-01-10T16:33:47","guid":{"rendered":"https:\/\/wartapoznan.pl\/?page_id=28324"},"modified":"2024-06-14T12:24:25","modified_gmt":"2024-06-14T10:24:25","slug":"fryderyk-scherfke","status":"publish","type":"page","link":"https:\/\/wartapoznan.pl\/index.php\/aleja-warciarzy\/fryderyk-scherfke\/","title":{"rendered":"Fryderyk Scherfke"},"content":{"rendered":"<p><strong>FRYDERYK SCHERFKE<\/strong><\/p>\n<p><strong>ur. 07.09.1909 \u2013 zm. 15.09.1983<\/strong><\/p>\n<p><img loading=\"lazy\" decoding=\"async\" width=\"1500\" height=\"1000\" class=\"alignnone  wp-image-30187\" src=\"https:\/\/wartapoznan.pl\/wp-content\/uploads\/2024\/06\/Scherfke_NAC.jpg\" alt=\"Fryderyk Scherfke - fot. Narodowe Archiwum Cyfrowe\" srcset=\"https:\/\/wartapoznan.pl\/wp-content\/uploads\/2024\/06\/Scherfke_NAC.jpg 1500w, https:\/\/wartapoznan.pl\/wp-content\/uploads\/2024\/06\/Scherfke_NAC-300x200.jpg 300w, https:\/\/wartapoznan.pl\/wp-content\/uploads\/2024\/06\/Scherfke_NAC-128x85.jpg 128w, https:\/\/wartapoznan.pl\/wp-content\/uploads\/2024\/06\/Scherfke_NAC-32x21.jpg 32w\" sizes=\"(max-width: 1500px) 100vw, 1500px\" \/><\/p>\n<p>Pi\u0142karz Warty Pozna\u0144, mistrz Polski z 1929 roku. W mistrzowskim sezonie: 22 wyst\u0119py i 9 goli. Reprezentant Polski, uczestnik Igrzysk Olimpijskich i mistrzostw \u015bwiata. Zdobywca pierwszej bramki dla Polski na mundialu. Legenda \u201eZielonych\u201d.<\/p>\n<p>Fryderyk Scherfke do dzi\u015b jest najlepszym strzelcem w historii wyst\u0119p\u00f3w Warty Pozna\u0144 w Ekstraklasie. Rozegra\u0142 w lidze blisko \u0107wier\u0107 tysi\u0105ca spotka\u0144, wyst\u0105pi\u0142 we wszystkich przedwojennych sezonach ligowych i zdoby\u0142 131 bramek. W dwudziestoleciu mi\u0119dzywojennym cz\u0119\u015bciej bramkarzy rywali pokonywa\u0142 tylko Teodor Paterek z Ruchu Hajduki Wielkie, autor 153 trafie\u0144. Fryderyk Scherfke jest jedynym \u201eWarciarzem\u201d w tzw. Klubie 100 \u00a0&#8211; otwiera w nim drug\u0105 dziesi\u0105tk\u0119 topowych strzelc\u00f3w wszech czas\u00f3w w Ekstraklasie.<\/p>\n<p>W szeregi Warty Pozna\u0144 wst\u0105pi\u0142 w 1925 roku, jako niespe\u0142na 16-latek. By\u0142 wysoki (mia\u0142 182 cm wzrostu) i dobrze gra\u0142 g\u0142ow\u0105, a przy tym nie brakowa\u0142o mu szybko\u015bci i og\u00f3lnej sprawno\u015bci. Dobrze dryblowa\u0142. Idealnie nadawa\u0142 si\u0119 na \u015brodkowego napastnika. Debiut w pierwszym zespole zaliczy\u0142 dwa lata p\u00f3\u017aniej, w po\u0142owie sezonu 1927. Od razu strzeli\u0142 gola \u2013 trafi\u0142 na 4:2 w wygranym przez Wart\u0119 Pozna\u0144 5:2 meczu z \u0141KS \u0141\u00f3d\u017a. Pocz\u0105tkowo m\u0142ody Scherfke gra\u0142 w ataku \u201eZielonych\u201d u boku jednego z najlepszych napastnik\u00f3w w kraju, Wawrzy\u0144ca Stali\u0144skiego oraz W\u0142adys\u0142awa Przybysza. Ca\u0142a tr\u00f3jka \u015bwi\u0119towa\u0142a pierwszy tytu\u0142 dla \u201eZielonych\u201d w 1929 roku. W ca\u0142ym mistrzowskim sezonie opu\u015bci\u0142 tylko dwa mecze. Strzeli\u0142 9 goli, co by\u0142o trzecim wynikiem w dru\u017cynie. Wi\u0119cej bramek mieli tylko wspomniany W\u0142adys\u0142aw Przybysz (22) i Adam Knio\u0142a (14).<\/p>\n<p>Dwa sezony p\u00f3\u017aniej Fryderyk Scherfke by\u0142 ju\u017c pierwszoplanow\u0105 postaci\u0105 w zespole \u201eWarciarzy\u201d, strzela\u0142 coraz wi\u0119cej goli. Do siatki trafia\u0142 regularnie \u2013 mi\u0119dzy 1931 a 1938 rokiem mia\u0142 a\u017c sze\u015b\u0107 sezon\u00f3w z kilkunastoma bramkami na koncie. Co najmniej 13, a w najlepszym dla siebie roku 1938 Fryderyk Scherfke strzeli\u0142 18 goli.<\/p>\n<p>Na pocz\u0105tku tego sezonu Warta Pozna\u0144 rozbi\u0142a Poloni\u0119 Warszawa a\u017c 7:1, a a\u017c pi\u0119\u0107 bramek w tym spotkaniu zdoby\u0142 Fryderyk Scherfke, co do dzi\u015b jest klubowym rekordem w Ekstraklasie.<\/p>\n<p>W pa\u017adzierniku 1932 roku zadebiutowa\u0142 w reprezentacji Polski. Rozegra\u0142 w niej \u0142\u0105cznie 12 spotka\u0144. Do tego dorobku nie wlicza si\u0119 wyst\u0119p\u00f3w Fryderyka Scherfke na Igrzyskach Olimpijskich w Berlinie z 1936 roku. \u201eBia\u0142o-czerwoni\u201d dotarli tam do p\u00f3\u0142fina\u0142u, w kt\u00f3rym ulegli 1:3 Austrii. Wcze\u015bniej zwyci\u0119\u017cyli W\u0119gr\u00f3w 3:0 i Wielk\u0105 Brytani\u0119 5:4. Przeciwko Austriakom pi\u0142karz Warty nie zagra\u0142, gdy\u017c w \u0107wier\u0107finale z Brytyjczykami z\u0142amano mu dwa \u017cebra. Bez Fryderyka Scherfke Polacy przegrali oba mecze (opr\u00f3cz p\u00f3\u0142fina\u0142u, tak\u017ce spotkanie z Norwegi\u0105 o br\u0105zowy medal), a w komentarzach i analizach nie brakowa\u0142o opinii, \u017ce trenerzy reprezentacji nie potrafili znale\u017a\u0107 odpowiedniego zast\u0119pcy dla kontuzjowanego poznaniaka.<\/p>\n<p>Jedyna bramka zdobyta w barwach narodowych zapewni\u0142a pi\u0142karzowi Warty Pozna\u0144 honorowe miejsce w historii polskiego futbolu. Fryderyk Scherfke strzeli\u0142 bowiem pierwszego gola w debiutanckim wyst\u0119pie \u201eBia\u0142o-czerwonych\u201d na mistrzostwach \u015bwiata. 5 czerwca 1938 roku pokona\u0142 bramkarza Brazylii uderzeniem z rzutu karnego.<\/p>\n<p>Nie brakuje jednak wyznawc\u00f3w teorii, \u017ce as Warty Pozna\u0144 zdoby\u0142 na mundialu dwa gole w starciu z Brazylijczykami. Wi\u0119cej na ten temat mo\u017cna przeczyta\u0107 tutaj: <a href=\"https:\/\/wartapoznan.pl\/index.php\/2022\/11\/29\/rok-1938-fryderyk-scherfke-z-warty-poznan-i-pierwsza-bramka-dla-polski-na-mundialu\/\">https:\/\/wartapoznan.pl\/index.php\/2022\/11\/29\/rok-1938-fryderyk-scherfke-z-warty-poznan-i-pierwsza-bramka-dla-polski-na-mundialu\/<\/a><\/p>\n<p>Po wybuchu wojny Fryderyk Scherfke musia\u0142 podpisa\u0107 niemieck\u0105 list\u0119 narodowo\u015bciow\u0105, tzw. Volkslist\u0119. Gdyby tego nie zrobi\u0142, zosta\u0142by uznany za zdrajc\u0119 i grozi\u0142aby mu wyw\u00f3zka do obozu koncentracyjnego. Jako obywatel Rzeszy zosta\u0142 wcielony do wojska. Zanim trafi\u0142 na front gra\u0142 jeszcze w pi\u0142k\u0119. Zosta\u0142 prezesem i kapitanem zespo\u0142u 1. FC Posen. Karier\u0119 sportow\u0105 zako\u0144czy\u0142 w 1940 roku, w wieku 31 lat.<\/p>\n<p>Jako niemiecki \u017co\u0142nierz Fryderyk Scherfke ratowa\u0142 z opresji i ratowa\u0142 przed wyw\u00f3zk\u0105 dawnych koleg\u00f3w z Warty Pozna\u0144: Mariana Fontowicza oraz przysz\u0142ego mistrza kraju (1947 rok) i przysz\u0142ego reprezentanta, Boles\u0142awa Gender\u0119. Z kolei Micha\u0142a Fliegera, innego by\u0142ego zawodnika mistrzowskiej dru\u017cyny z 1929 roku, a potem cz\u0142onka ruchu oporu, ostrzeg\u0142 przed dekonspiracj\u0105.<\/p>\n<p>Z Poznania wyjecha\u0142 w 1943 roku, gdy trafi\u0142 na front i zosta\u0142 ranny w Jugos\u0142awii. Zanim do\u0142\u0105czy\u0142 do swojej jednostki w Niemczech, prawdopodobnie po raz ostatni odwiedzi\u0142 Pozna\u0144. Zabra\u0142 z miasta \u017con\u0119 i syna. Wyjechali do Meklemburgii. Przed ko\u0144cem wojny Fryderyk Scherfke trafi\u0142 do brytyjskiej niewoli, ale zosta\u0142 z niej zwolniony po kilku tygodniach. W 1947 roku zamieszka\u0142 w Berlinie Zachodnim, gdzie przez lata prowadzi\u0142 sklep z meblami. Sprzeda\u0142 go na pocz\u0105tku lat 80. i przeni\u00f3s\u0142 si\u0119 do Eschborn ko\u0142o Frankfurtu. Zmar\u0142 w Bad Soden w Hesji, we wrze\u015bniu 1983 roku, kr\u00f3tko po swoich 74. urodzinach.<\/p>\n<p>Pod kondolencjami dla rodziny Fryderyka Scherfke podpisa\u0142o si\u0119 kilkudziesi\u0119ciu \u201eWarciarzy\u201d (niekt\u00f3rzy wraz z rodzinami). Napisali ono m.in.: <em>\u201ePami\u0119\u0107 o naszym kochanym koledze Fritzu pozostanie w naszych sercach, b\u0119dziemy go pami\u0119tali jako uczciwego i serdecznego koleg\u0119 i przyjaciela\u201d.<\/em><\/p>\n<p>W mistrzowskim zespole Warty Pozna\u0144 z 1929 roku gra\u0142 te\u017c starszy brat Fryderyka, Guenter Scherfke (wyst\u0105pi\u0142 w 23 meczach).<\/p>\n<p><em>fot. Narodowe Archiwum Cyfrowe<\/em><\/p>\n","protected":false},"excerpt":{"rendered":"<p>FRYDERYK SCHERFKE ur. 07.09.1909 \u2013 zm. 15.09.1983 Pi\u0142karz Warty Pozna\u0144, mistrz Polski z 1929 roku. W mistrzowskim sezonie: 22 wyst\u0119py&#8230;<\/p>\n","protected":false},"author":36,"featured_media":0,"parent":28290,"menu_order":0,"comment_status":"closed","ping_status":"closed","template":"","meta":{"om_disable_all_campaigns":false,"inline_featured_image":false,"footnotes":"","_links_to":"","_links_to_target":""},"categories":[],"tags":[],"aioseo_notices":[],"_links":{"self":[{"href":"https:\/\/wartapoznan.pl\/index.php\/wp-json\/wp\/v2\/pages\/28324"}],"collection":[{"href":"https:\/\/wartapoznan.pl\/index.php\/wp-json\/wp\/v2\/pages"}],"about":[{"href":"https:\/\/wartapoznan.pl\/index.php\/wp-json\/wp\/v2\/types\/page"}],"author":[{"embeddable":true,"href":"https:\/\/wartapoznan.pl\/index.php\/wp-json\/wp\/v2\/users\/36"}],"replies":[{"embeddable":true,"href":"https:\/\/wartapoznan.pl\/index.php\/wp-json\/wp\/v2\/comments?post=28324"}],"version-history":[{"count":4,"href":"https:\/\/wartapoznan.pl\/index.php\/wp-json\/wp\/v2\/pages\/28324\/revisions"}],"predecessor-version":[{"id":30189,"href":"https:\/\/wartapoznan.pl\/index.php\/wp-json\/wp\/v2\/pages\/28324\/revisions\/30189"}],"up":[{"embeddable":true,"href":"https:\/\/wartapoznan.pl\/index.php\/wp-json\/wp\/v2\/pages\/28290"}],"wp:attachment":[{"href":"https:\/\/wartapoznan.pl\/index.php\/wp-json\/wp\/v2\/media?parent=28324"}],"wp:term":[{"taxonomy":"category","embeddable":true,"href":"https:\/\/wartapoznan.pl\/index.php\/wp-json\/wp\/v2\/categories?post=28324"},{"taxonomy":"post_tag","embeddable":true,"href":"https:\/\/wartapoznan.pl\/index.php\/wp-json\/wp\/v2\/tags?post=28324"}],"curies":[{"name":"wp","href":"https:\/\/api.w.org\/{rel}","templated":true}]}}